{"id":2619,"date":"2023-11-15T19:23:39","date_gmt":"2023-11-15T18:23:39","guid":{"rendered":"https:\/\/www.cabalgatadehortaleza.org\/?page_id=2619"},"modified":"2025-10-09T11:18:43","modified_gmt":"2025-10-09T09:18:43","slug":"portada","status":"publish","type":"page","link":"https:\/\/www.cabalgatadehortaleza.org\/","title":{"rendered":"Portada"},"content":{"rendered":"<p>[et_pb_section fb_built=\u00bb1&#8243; _builder_version=\u00bb4.23.1&#8243; _module_preset=\u00bbdefault\u00bb global_colors_info=\u00bb{}\u00bb][et_pb_row _builder_version=\u00bb4.23.1&#8243; _module_preset=\u00bbdefault\u00bb global_colors_info=\u00bb{}\u00bb][et_pb_column type=\u00bb4_4&#8243; _builder_version=\u00bb4.23.1&#8243; _module_preset=\u00bbdefault\u00bb global_colors_info=\u00bb{}\u00bb][et_pb_image src=\u00bbhttps:\/\/www.cabalgatadehortaleza.org\/wp-content\/uploads\/2023\/11\/LOGO-50-ANOS-CABALGATA-png.png\u00bb title_text=\u00bbLOGO 50 A\u00d1OS CABALGATA png\u00bb align=\u00bbcenter\u00bb _builder_version=\u00bb4.23.1&#8243; _module_preset=\u00bbdefault\u00bb width=\u00bb50%\u00bb max_width=\u00bb50%\u00bb global_colors_info=\u00bb{}\u00bb][\/et_pb_image][et_pb_text _builder_version=\u00bb4.23.1&#8243; _module_preset=\u00bbdefault\u00bb global_colors_info=\u00bb{}\u00bb]<\/p>\n<h1 style=\"text-align: center;\"><strong>Desde 1974 llenando de ilusi\u00f3n el barrio.<\/strong><\/h1>\n<p>[\/et_pb_text][\/et_pb_column][\/et_pb_row][et_pb_row _builder_version=\u00bb4.23.1&#8243; _module_preset=\u00bbdefault\u00bb global_colors_info=\u00bb{}\u00bb][et_pb_column type=\u00bb4_4&#8243; _builder_version=\u00bb4.23.1&#8243; _module_preset=\u00bbdefault\u00bb global_colors_info=\u00bb{}\u00bb][et_pb_text _builder_version=\u00bb4.23.1&#8243; _module_preset=\u00bbdefault\u00bb global_colors_info=\u00bb{}\u00bb]<\/p>\n<h2><strong>\u00bfPor qu\u00e9 esta Cabalgata?<\/strong><\/h2>\n<p>Aunque no se conservan datos, las vecinas y vecinos de nuestro barrio recuerdan que tanto en enero de 1974 c\u00f3mo en 1975 se celebraron dos primeras cabalgatas aisladas.<\/p>\n<p>&nbsp;<\/p>\n<p>Al llegar la democracia algunas asociaciones empezaron a celebrar cabalgatas de barrio con car\u00e1cter l\u00fadico y reivindicativo, consolidandose en 1980 con la celebraci\u00f3n de la primera cabalgata unificada en el distrito y la colaboraci\u00f3n de la junta de distrito de Hortaleza.<\/p>\n<p>&nbsp;<\/p>\n<p>En 2007 la concejala presidenta del distrito decidi\u00f3 eliminar la participaci\u00f3n vecinal en la cabalgata, creando otra privatizada.<\/p>\n<p>&nbsp;<\/p>\n<p>Con ello,\u00a0 un grupo de vecinos y vecinas decidi\u00f3 pedir un permiso de manifestaci\u00f3n para, salir en cabalgata de reyes el 5 de enero desde 2008, fecha en la que naci\u00f3 la considerada primera cabalgata participativa de Hortaleza, que desde 2012 sale \u00fanicamente como tal y como se concibe a d\u00eda de hoy.<br \/>\n[\/et_pb_text][et_pb_image src=\u00bbhttps:\/\/www.cabalgatadehortaleza.org\/wp-content\/uploads\/2014\/12\/25.jpg\u00bb title_text=\u00bb25&#8243; align=\u00bbcenter\u00bb _builder_version=\u00bb4.23.1&#8243; _module_preset=\u00bbdefault\u00bb global_colors_info=\u00bb{}\u00bb][\/et_pb_image][\/et_pb_column][\/et_pb_row][et_pb_row _builder_version=\u00bb4.23.1&#8243; _module_preset=\u00bbdefault\u00bb global_colors_info=\u00bb{}\u00bb][et_pb_column type=\u00bb4_4&#8243; _builder_version=\u00bb4.23.1&#8243; _module_preset=\u00bbdefault\u00bb global_colors_info=\u00bb{}\u00bb][et_pb_text _builder_version=\u00bb4.23.1&#8243; _module_preset=\u00bbdefault\u00bb global_colors_info=\u00bb{}\u00bb]<\/p>\n<h2><strong>Entidades colaboradoras<\/strong><\/h2>\n<p><b>Pincha en la imagen para conocer todas las entidades que hacen posible nuestra cabalgata.<\/b><br \/>\n[\/et_pb_text][\/et_pb_column][\/et_pb_row][et_pb_row column_structure=\u00bb1_6,1_6,1_6,1_6,1_6,1_6&#8243; _builder_version=\u00bb4.23.1&#8243; _module_preset=\u00bbdefault\u00bb global_colors_info=\u00bb{}\u00bb][et_pb_column type=\u00bb1_6&#8243; _builder_version=\u00bb4.23.1&#8243; _module_preset=\u00bbdefault\u00bb global_colors_info=\u00bb{}\u00bb][et_pb_image src=\u00bbhttps:\/\/www.cabalgatadehortaleza.org\/wp-content\/uploads\/2023\/11\/AMPA-Pablo-Picasso.jpg\u00bb title_text=\u00bbAMPA Pablo Picasso\u00bb url=\u00bbhttps:\/\/www.cabalgatadehortaleza.org\/ampa-pablo-picasso-2\/\u00bb url_new_window=\u00bbon\u00bb _builder_version=\u00bb4.23.1&#8243; _module_preset=\u00bbdefault\u00bb global_colors_info=\u00bb{}\u00bb][\/et_pb_image][et_pb_image src=\u00bbhttps:\/\/www.cabalgatadehortaleza.org\/wp-content\/uploads\/2023\/12\/AMPA-Colegio-AZORIN.jpg\u00bb title_text=\u00bbAMPA Colegio AZORIN\u00bb url=\u00bbhttps:\/\/www.cabalgatadehortaleza.org\/ampa-colegio-azorin\/\u00bb url_new_window=\u00bbon\u00bb _builder_version=\u00bb4.23.1&#8243; _module_preset=\u00bbdefault\u00bb global_colors_info=\u00bb{}\u00bb][\/et_pb_image][et_pb_image src=\u00bbhttps:\/\/www.cabalgatadehortaleza.org\/wp-content\/uploads\/2023\/11\/logo-marakanai-scaled.jpeg\u00bb title_text=\u00bblogo-marakanai\u00bb url=\u00bbhttps:\/\/www.cabalgatadehortaleza.org\/marakanai\/\u00bb url_new_window=\u00bbon\u00bb _builder_version=\u00bb4.23.1&#8243; _module_preset=\u00bbdefault\u00bb global_colors_info=\u00bb{}\u00bb][\/et_pb_image][\/et_pb_column][et_pb_column type=\u00bb1_6&#8243; _builder_version=\u00bb4.23.1&#8243; _module_preset=\u00bbdefault\u00bb global_colors_info=\u00bb{}\u00bb][et_pb_image src=\u00bbhttps:\/\/www.cabalgatadehortaleza.org\/wp-content\/uploads\/2023\/11\/LOGO-DANOS-TIEMPO.png\u00bb title_text=\u00bbLOGO DANOS TIEMPO\u00bb url=\u00bbhttps:\/\/www.cabalgatadehortaleza.org\/danos-tiempo-3\/\u00bb url_new_window=\u00bbon\u00bb _builder_version=\u00bb4.23.1&#8243; _module_preset=\u00bbdefault\u00bb global_colors_info=\u00bb{}\u00bb][\/et_pb_image][et_pb_image src=\u00bbhttps:\/\/www.cabalgatadehortaleza.org\/wp-content\/uploads\/2023\/11\/logo-AMH.png\u00bb title_text=\u00bblogo AMH\u00bb url=\u00bbhttps:\/\/www.cabalgatadehortaleza.org\/asociacion-motera-hortaleza\/\u00bb url_new_window=\u00bbon\u00bb _builder_version=\u00bb4.23.1&#8243; _module_preset=\u00bbdefault\u00bb global_colors_info=\u00bb{}\u00bb][\/et_pb_image][et_pb_image src=\u00bbhttps:\/\/www.cabalgatadehortaleza.org\/wp-content\/uploads\/2023\/11\/LOGO-GRANDE.jpg\u00bb title_text=\u00bbLOGO GRANDE\u00bb url=\u00bbhttps:\/\/www.cabalgatadehortaleza.org\/asociacion-madrilena-de-fibrosis-quistica\/\u00bb url_new_window=\u00bbon\u00bb _builder_version=\u00bb4.23.1&#8243; _module_preset=\u00bbdefault\u00bb global_colors_info=\u00bb{}\u00bb][\/et_pb_image][et_pb_image src=\u00bbhttps:\/\/www.cabalgatadehortaleza.org\/wp-content\/uploads\/2023\/12\/AMPA-CEIP-Juan-Zaragueta.jpeg\u00bb title_text=\u00bbAMPA CEIP Juan Zarag\u00fceta\u00bb url=\u00bbhttps:\/\/www.cabalgatadehortaleza.org\/ampa-ceip-juan-zaragueta\/\u00bb url_new_window=\u00bbon\u00bb _builder_version=\u00bb4.23.1&#8243; _module_preset=\u00bbdefault\u00bb global_colors_info=\u00bb{}\u00bb][\/et_pb_image][\/et_pb_column][et_pb_column type=\u00bb1_6&#8243; _builder_version=\u00bb4.23.1&#8243; _module_preset=\u00bbdefault\u00bb global_colors_info=\u00bb{}\u00bb][et_pb_image src=\u00bbhttps:\/\/www.cabalgatadehortaleza.org\/wp-content\/uploads\/2023\/11\/image0.jpeg\u00bb title_text=\u00bbimage0&#8243; url=\u00bbhttps:\/\/www.cabalgatadehortaleza.org\/mpa-ceip-ramon-perez-de-ayala\/\u00bb url_new_window=\u00bbon\u00bb _builder_version=\u00bb4.23.1&#8243; _module_preset=\u00bbdefault\u00bb global_colors_info=\u00bb{}\u00bb][\/et_pb_image][et_pb_image src=\u00bbhttps:\/\/www.cabalgatadehortaleza.org\/wp-content\/uploads\/2023\/11\/sambaleza-scaled.jpg\u00bb title_text=\u00bbsambaleza\u00bb url=\u00bbhttps:\/\/www.cabalgatadehortaleza.org\/sambaleza-4\/\u00bb url_new_window=\u00bbon\u00bb _builder_version=\u00bb4.23.1&#8243; _module_preset=\u00bbdefault\u00bb global_colors_info=\u00bb{}\u00bb][\/et_pb_image][et_pb_image src=\u00bbhttps:\/\/www.cabalgatadehortaleza.org\/wp-content\/uploads\/2023\/11\/Dionisio_Ridruejo_Logo.jpg\u00bb title_text=\u00bbDionisio_Ridruejo_Logo\u00bb url=\u00bbhttps:\/\/www.cabalgatadehortaleza.org\/ampa-ceip-dionisio-ridruejo\/\u00bb url_new_window=\u00bbon\u00bb _builder_version=\u00bb4.23.1&#8243; _module_preset=\u00bbdefault\u00bb custom_padding=\u00bb||0px|||\u00bb global_colors_info=\u00bb{}\u00bb][\/et_pb_image][et_pb_image src=\u00bbhttps:\/\/www.cabalgatadehortaleza.org\/wp-content\/uploads\/2023\/11\/LOGO_AMPA_GARCILASO_DE_LA_VEGA.jpg\u00bb title_text=\u00bbLOGO_AMPA_GARCILASO_DE_LA_VEGA\u00bb url=\u00bbhttps:\/\/www.cabalgatadehortaleza.org\/ampa-garcilaso-de-la-vega\/\u00bb url_new_window=\u00bbon\u00bb _builder_version=\u00bb4.23.1&#8243; _module_preset=\u00bbdefault\u00bb global_colors_info=\u00bb{}\u00bb][\/et_pb_image][\/et_pb_column][et_pb_column type=\u00bb1_6&#8243; _builder_version=\u00bb4.23.1&#8243; _module_preset=\u00bbdefault\u00bb global_colors_info=\u00bb{}\u00bb][et_pb_image src=\u00bbhttps:\/\/www.cabalgatadehortaleza.org\/wp-content\/uploads\/2023\/11\/CSO-LA-ANIMOSA-scaled.jpg\u00bb title_text=\u00bbCSO LA ANIMOSA\u00bb url=\u00bbhttps:\/\/www.cabalgatadehortaleza.org\/cso-la-animosa\/\u00bb url_new_window=\u00bbon\u00bb _builder_version=\u00bb4.23.1&#8243; _module_preset=\u00bbdefault\u00bb global_colors_info=\u00bb{}\u00bb][\/et_pb_image][et_pb_image src=\u00bbhttps:\/\/www.cabalgatadehortaleza.org\/wp-content\/uploads\/2023\/11\/sindicato-del-barrio-de-hortaleza-scaled.jpg\u00bb title_text=\u00bbsindicato del barrio de hortaleza\u00bb url=\u00bbhttps:\/\/www.cabalgatadehortaleza.org\/?page_id=2806&#038;preview=true\u00bb url_new_window=\u00bbon\u00bb _builder_version=\u00bb4.23.1&#8243; _module_preset=\u00bbdefault\u00bb global_colors_info=\u00bb{}\u00bb][\/et_pb_image][et_pb_image src=\u00bbhttps:\/\/www.cabalgatadehortaleza.org\/wp-content\/uploads\/2023\/11\/LOGO_AMPA_CONDE_DE_ORGAZ.png\u00bb title_text=\u00bbLOGO_AMPA_CONDE_DE_ORGAZ\u00bb url=\u00bbhttps:\/\/www.cabalgatadehortaleza.org\/ampa-instituto-conde-de-orgaz\/\u00bb url_new_window=\u00bbon\u00bb _builder_version=\u00bb4.23.1&#8243; _module_preset=\u00bbdefault\u00bb global_colors_info=\u00bb{}\u00bb][\/et_pb_image][et_pb_image src=\u00bbhttps:\/\/www.cabalgatadehortaleza.org\/wp-content\/uploads\/2023\/11\/Parroquia-Santa-Paula.jpeg\u00bb title_text=\u00bbParroquia Santa Paula\u00bb url=\u00bbhttps:\/\/www.cabalgatadehortaleza.org\/parroquia-santa-paula\/\u00bb url_new_window=\u00bbon\u00bb _builder_version=\u00bb4.23.1&#8243; _module_preset=\u00bbdefault\u00bb global_colors_info=\u00bb{}\u00bb][\/et_pb_image][\/et_pb_column][et_pb_column type=\u00bb1_6&#8243; _builder_version=\u00bb4.23.1&#8243; _module_preset=\u00bbdefault\u00bb global_colors_info=\u00bb{}\u00bb][et_pb_image src=\u00bbhttps:\/\/www.cabalgatadehortaleza.org\/wp-content\/uploads\/2023\/11\/AMPA-CORTES-DE-CADIZ.png\u00bb title_text=\u00bbAMPA CORTES DE CADIZ\u00bb url=\u00bbhttps:\/\/www.cabalgatadehortaleza.org\/ampa-del-colegio-cortes-de-cadiz\/\u00bb url_new_window=\u00bbon\u00bb _builder_version=\u00bb4.23.1&#8243; _module_preset=\u00bbdefault\u00bb global_colors_info=\u00bb{}\u00bb][\/et_pb_image][et_pb_image src=\u00bbhttps:\/\/www.cabalgatadehortaleza.org\/wp-content\/uploads\/2023\/11\/logo-soci.png\u00bb title_text=\u00bblogo-soci\u00bb url=\u00bbhttps:\/\/www.cabalgatadehortaleza.org\/asociacion-vecinal-de-manoteras\/\u00bb url_new_window=\u00bbon\u00bb _builder_version=\u00bb4.23.1&#8243; _module_preset=\u00bbdefault\u00bb custom_padding=\u00bb|||0px||\u00bb global_colors_info=\u00bb{}\u00bb][\/et_pb_image][et_pb_image src=\u00bbhttps:\/\/www.cabalgatadehortaleza.org\/wp-content\/uploads\/2023\/11\/AVUH-LOGO-Edfcios3.png\u00bb title_text=\u00bbAVUH-LOGO-Edfcios3&#8243; url=\u00bbhttps:\/\/www.cabalgatadehortaleza.org\/asociacion-vecinal-la-union-de-hortaleza\/\u00bb url_new_window=\u00bbon\u00bb _builder_version=\u00bb4.23.1&#8243; _module_preset=\u00bbdefault\u00bb global_colors_info=\u00bb{}\u00bb][\/et_pb_image][et_pb_image src=\u00bbhttps:\/\/www.cabalgatadehortaleza.org\/wp-content\/uploads\/2023\/11\/CARTEL-TEJEDORAS-LOGO.jpg\u00bb title_text=\u00bbCARTEL TEJEDORAS LOGO\u00bb url=\u00bbhttps:\/\/www.cabalgatadehortaleza.org\/grupo-de-tejedoras-de-danos-tiempo\/\u00bb url_new_window=\u00bbon\u00bb _builder_version=\u00bb4.23.1&#8243; _module_preset=\u00bbdefault\u00bb global_colors_info=\u00bb{}\u00bb][\/et_pb_image][\/et_pb_column][et_pb_column type=\u00bb1_6&#8243; _builder_version=\u00bb4.23.1&#8243; _module_preset=\u00bbdefault\u00bb global_colors_info=\u00bb{}\u00bb][et_pb_image src=\u00bbhttps:\/\/www.cabalgatadehortaleza.org\/wp-content\/uploads\/2023\/11\/JAH_Logo.png\u00bb title_text=\u00bbJAH_Logo\u00bb url=\u00bbhttps:\/\/www.cabalgatadehortaleza.org\/jah\/\u00bb url_new_window=\u00bbon\u00bb _builder_version=\u00bb4.23.1&#8243; _module_preset=\u00bbdefault\u00bb global_colors_info=\u00bb{}\u00bb][\/et_pb_image][et_pb_image src=\u00bbhttps:\/\/www.cabalgatadehortaleza.org\/wp-content\/uploads\/2023\/11\/AMPA-FILOSOFO-SENECA-scaled.jpg\u00bb title_text=\u00bbAMPA FILOSOFO SENECA\u00bb url=\u00bbhttps:\/\/www.cabalgatadehortaleza.org\/ampa-ceip-filosofo-seneca\/\u00bb url_new_window=\u00bbon\u00bb _builder_version=\u00bb4.23.1&#8243; _module_preset=\u00bbdefault\u00bb global_colors_info=\u00bb{}\u00bb][\/et_pb_image][et_pb_image src=\u00bbhttps:\/\/www.cabalgatadehortaleza.org\/wp-content\/uploads\/2023\/11\/LOGO_ASOCI.png\u00bb title_text=\u00bbLOGO_ASOCI\u00bb url=\u00bbhttps:\/\/www.cabalgatadehortaleza.org\/asociacion-vecinal-villa-rosa\/\u00bb url_new_window=\u00bbon\u00bb _builder_version=\u00bb4.23.1&#8243; _module_preset=\u00bbdefault\u00bb width=\u00bb100%\u00bb max_width=\u00bb100%\u00bb module_alignment=\u00bbcenter\u00bb global_colors_info=\u00bb{}\u00bb][\/et_pb_image][et_pb_image src=\u00bbhttps:\/\/www.cabalgatadehortaleza.org\/wp-content\/uploads\/2023\/11\/logo-ampa.png\u00bb title_text=\u00bblogo ampa\u00bb url=\u00bbhttps:\/\/www.cabalgatadehortaleza.org\/ampa-ceip-alfredo-di-stefano\/\u00bb url_new_window=\u00bbon\u00bb _builder_version=\u00bb4.23.1&#8243; _module_preset=\u00bbdefault\u00bb global_colors_info=\u00bb{}\u00bb][\/et_pb_image][\/et_pb_column][\/et_pb_row][et_pb_row column_structure=\u00bb1_2,1_2&#8243; _builder_version=\u00bb4.23.1&#8243; _module_preset=\u00bbdefault\u00bb global_colors_info=\u00bb{}\u00bb][et_pb_column type=\u00bb1_2&#8243; _builder_version=\u00bb4.23.1&#8243; _module_preset=\u00bbdefault\u00bb global_colors_info=\u00bb{}\u00bb][et_pb_text _builder_version=\u00bb4.23.1&#8243; _module_preset=\u00bbdefault\u00bb global_colors_info=\u00bb{}\u00bb]<\/p>\n<h2><strong>Participa<\/strong><\/h2>\n<p>&nbsp;<\/p>\n<p>Actualmente para el desfile del 5 de enero de 2024 se encuentra cerrado el proceso de incorporaci\u00f3n de nuevas entidades para desfilar en carroza como pasacalles.<\/p>\n<p>&nbsp;<\/p>\n<p>Si te gustar\u00eda participar activamente en la Cabalgata que estamos preparando para el desfile del 5 de enero de 2024,\u00a0 se necesitan voluntarios para la Seguridad de nuestra Cabalgata.<\/p>\n<p>&nbsp;<\/p>\n<p>Participa como voluntarix de Seguridad tanto a t\u00edtulo personal como con tu colectivo escribi\u00e9ndonos un email a <a href=\"mailto:cabalgaterxshortaleza@gmail\">cabalgaterxshortaleza@gmail.com<\/a>, con el asunto VOLUNTARIX SEGURIDAD.<br \/>\n[\/et_pb_text][\/et_pb_column][et_pb_column type=\u00bb1_2&#8243; _builder_version=\u00bb4.23.1&#8243; _module_preset=\u00bbdefault\u00bb global_colors_info=\u00bb{}\u00bb][et_pb_image src=\u00bbhttps:\/\/www.cabalgatadehortaleza.org\/wp-content\/uploads\/2023\/11\/Voluntarixs.png\u00bb title_text=\u00bbVoluntarixs\u00bb align=\u00bbcenter\u00bb _builder_version=\u00bb4.23.1&#8243; _module_preset=\u00bbdefault\u00bb global_colors_info=\u00bb{}\u00bb][\/et_pb_image][\/et_pb_column][\/et_pb_row][et_pb_row _builder_version=\u00bb4.23.1&#8243; _module_preset=\u00bbdefault\u00bb global_colors_info=\u00bb{}\u00bb][et_pb_column type=\u00bb4_4&#8243; _builder_version=\u00bb4.23.1&#8243; _module_preset=\u00bbdefault\u00bb global_colors_info=\u00bb{}\u00bb][et_pb_text _builder_version=\u00bb4.23.1&#8243; _module_preset=\u00bbdefault\u00bb global_colors_info=\u00bb{}\u00bb]<\/p>\n<h2><strong>Eventos<\/strong><\/h2>\n<p>[\/et_pb_text][et_pb_slider use_text_overlay=\u00bbon\u00bb text_overlay_color=\u00bb#FFFFFF\u00bb _builder_version=\u00bb4.23.1&#8243; _module_preset=\u00bbdefault\u00bb header_text_align=\u00bbcenter\u00bb header_text_color=\u00bb#000000&#8243; body_text_color=\u00bb#000000&#8243; background_color=\u00bb#0C71C3&#8243; use_background_color_gradient=\u00bbon\u00bb background_image=\u00bbhttps:\/\/www.cabalgatadehortaleza.org\/wp-content\/uploads\/2023\/11\/cartel-galileo-2023.jpg\u00bb custom_button=\u00bbon\u00bb button_text_color=\u00bb#000000&#8243; button_bg_color=\u00bb#FFFFFF\u00bb global_colors_info=\u00bb{}\u00bb][et_pb_slide heading=\u00bbEspect\u00e1culo en la Sala Galileo\u00bb button_text=\u00bbM\u00e1s informaci\u00f3n en tu colectivo de referencia\u00bb button_link=\u00bbhttps:\/\/www.cabalgatadehortaleza.org\/entidades-participantes\/\u00bb url_new_window=\u00bbon\u00bb _builder_version=\u00bb4.23.1&#8243; _module_preset=\u00bbdefault\u00bb use_background_color_gradient=\u00bbon\u00bb background_image=\u00bbhttps:\/\/www.cabalgatadehortaleza.org\/wp-content\/uploads\/2023\/11\/cartel-galileo-2023.jpg\u00bb background_enable_image=\u00bbon\u00bb global_colors_info=\u00bb{}\u00bb sticky_transition=\u00bbon\u00bb]<\/p>\n<p>El 26 de diciembre vuelve el espect\u00e1culo anual en la sala Galileo, uno de los eventos m\u00e1s esperados por parte de todos los cabalgaterxs con el que se financia parte de la Cabalgata Participativa.<\/p>\n<p>No te quedes sin tu entrada, ya est\u00e1n disponibles en las entidades colaboradoras.<\/p>\n<p>Y si no puedes venir, puedes colaborar comprando tu pase en la fila cero<\/p>\n<p>[\/et_pb_slide][et_pb_slide heading=\u00bbFiesta en el parque Isabel Clara Eugenia\u00bb button_text=\u00bbTe esperamos\u00bb button_link=\u00bbhttps:\/\/www.cabalgatadehortaleza.org\/2023\/12\/02\/fiesta-claruja\/\u00bb url_new_window=\u00bbon\u00bb _builder_version=\u00bb4.23.1&#8243; _module_preset=\u00bbdefault\u00bb background_image=\u00bbhttps:\/\/www.cabalgatadehortaleza.org\/wp-content\/uploads\/2023\/11\/Captura-de-pantalla-2023-11-30-223623.png\u00bb background_enable_image=\u00bbon\u00bb link_option_url_new_window=\u00bbon\u00bb global_colors_info=\u00bb{}\u00bb sticky_transition=\u00bbon\u00bb]<\/p>\n<p>El pr\u00f3ximo 16 de diciembre a las 11h te esperamos en el parque Isabel Clara Eugenia con actividades para toda la familia, d\u00f3nde podr\u00e1s conocer a todas las entidades que participan en nuestra Cabalgata.<\/p>\n<p>[\/et_pb_slide][et_pb_slide heading=\u00bbConcurso de Carteles\u00bb button_text=\u00bbHaz clic aqu\u00ed para conocer las bases\u00bb button_link=\u00bbhttps:\/\/www.cabalgatadehortaleza.org\/2023\/11\/17\/concurso-cartel-cabalgata-2024\/\u00bb _builder_version=\u00bb4.23.1&#8243; _module_preset=\u00bbdefault\u00bb background_image=\u00bbhttps:\/\/www.cabalgatadehortaleza.org\/wp-content\/uploads\/2023\/11\/Imagen-de-WhatsApp-2023-11-16-a-las-10.38.27_d2905547.jpg\u00bb background_enable_image=\u00bbon\u00bb button_alignment=\u00bbcenter\u00bb link_option_url_new_window=\u00bbon\u00bb global_colors_info=\u00bb{}\u00bb sticky_transition=\u00bbon\u00bb]<\/p>\n<p>Participa con tu dibujo en el Concurso de Carteles de nuestra Cabalgata, tienes de plazo para hacerlo llegar a tu colectivo hasta el 12 de diciembre.<\/p>\n<p>[\/et_pb_slide][\/et_pb_slider][\/et_pb_column][\/et_pb_row][et_pb_row _builder_version=\u00bb4.23.1&#8243; _module_preset=\u00bbdefault\u00bb global_colors_info=\u00bb{}\u00bb][et_pb_column type=\u00bb4_4&#8243; _builder_version=\u00bb4.23.1&#8243; _module_preset=\u00bbdefault\u00bb global_colors_info=\u00bb{}\u00bb][et_pb_text _builder_version=\u00bb4.23.1&#8243; _module_preset=\u00bbdefault\u00bb global_colors_info=\u00bb{}\u00bb]<\/p>\n<h2><strong>\u00daltimas noticias<\/strong><\/h2>\n<p>[\/et_pb_text][\/et_pb_column][\/et_pb_row][et_pb_row _builder_version=\u00bb4.23.1&#8243; _module_preset=\u00bbdefault\u00bb global_colors_info=\u00bb{}\u00bb][et_pb_column type=\u00bb4_4&#8243; _builder_version=\u00bb4.23.1&#8243; _module_preset=\u00bbdefault\u00bb global_colors_info=\u00bb{}\u00bb][et_pb_blog fullwidth=\u00bboff\u00bb posts_number=\u00bb3&#8243; _builder_version=\u00bb4.23.1&#8243; _module_preset=\u00bbdefault\u00bb global_colors_info=\u00bb{}\u00bb][\/et_pb_blog][\/et_pb_column][\/et_pb_row][et_pb_row _builder_version=\u00bb4.23.1&#8243; _module_preset=\u00bbdefault\u00bb global_colors_info=\u00bb{}\u00bb][et_pb_column type=\u00bb4_4&#8243; _builder_version=\u00bb4.23.1&#8243; _module_preset=\u00bbdefault\u00bb global_colors_info=\u00bb{}\u00bb][et_pb_countdown_timer title=\u00bb\u00bfCu\u00e1nto tiempo queda para el pr\u00f3ximo desfile?\u00bb date_time=\u00bb2026-01-05 17:50&#8243; _builder_version=\u00bb4.27.4&#8243; _module_preset=\u00bbdefault\u00bb background_color=\u00bb#E09900&#8243; hover_enabled=\u00bb0&#8243; global_colors_info=\u00bb{}\u00bb sticky_enabled=\u00bb0&#8243;][\/et_pb_countdown_timer][\/et_pb_column][\/et_pb_row][\/et_pb_section]<\/p>\n","protected":false},"excerpt":{"rendered":"<p>Desde 1974 llenando de ilusi\u00f3n el barrio. \u00bfPor qu\u00e9 esta Cabalgata? Aunque no se conservan datos, las vecinas y vecinos de nuestro barrio recuerdan que tanto en enero de 1974 c\u00f3mo en 1975 se celebraron dos primeras cabalgatas aisladas. &nbsp; Al llegar la democracia algunas asociaciones empezaron a celebrar cabalgatas de barrio con car\u00e1cter l\u00fadico [&hellip;]<\/p>\n","protected":false},"author":2,"featured_media":2610,"parent":0,"menu_order":0,"comment_status":"closed","ping_status":"closed","template":"","meta":{"_et_pb_use_builder":"on","_et_pb_old_content":"","_et_gb_content_width":"","footnotes":""},"class_list":["post-2619","page","type-page","status-publish","has-post-thumbnail","hentry"],"_links":{"self":[{"href":"https:\/\/www.cabalgatadehortaleza.org\/index.php?rest_route=\/wp\/v2\/pages\/2619","targetHints":{"allow":["GET"]}}],"collection":[{"href":"https:\/\/www.cabalgatadehortaleza.org\/index.php?rest_route=\/wp\/v2\/pages"}],"about":[{"href":"https:\/\/www.cabalgatadehortaleza.org\/index.php?rest_route=\/wp\/v2\/types\/page"}],"author":[{"embeddable":true,"href":"https:\/\/www.cabalgatadehortaleza.org\/index.php?rest_route=\/wp\/v2\/users\/2"}],"replies":[{"embeddable":true,"href":"https:\/\/www.cabalgatadehortaleza.org\/index.php?rest_route=%2Fwp%2Fv2%2Fcomments&post=2619"}],"version-history":[{"count":6,"href":"https:\/\/www.cabalgatadehortaleza.org\/index.php?rest_route=\/wp\/v2\/pages\/2619\/revisions"}],"predecessor-version":[{"id":3116,"href":"https:\/\/www.cabalgatadehortaleza.org\/index.php?rest_route=\/wp\/v2\/pages\/2619\/revisions\/3116"}],"wp:featuredmedia":[{"embeddable":true,"href":"https:\/\/www.cabalgatadehortaleza.org\/index.php?rest_route=\/wp\/v2\/media\/2610"}],"wp:attachment":[{"href":"https:\/\/www.cabalgatadehortaleza.org\/index.php?rest_route=%2Fwp%2Fv2%2Fmedia&parent=2619"}],"curies":[{"name":"wp","href":"https:\/\/api.w.org\/{rel}","templated":true}]}}